{"id":35,"date":"2021-08-08T09:34:34","date_gmt":"2021-08-08T09:34:34","guid":{"rendered":"https:\/\/friede-freude-kindheit.de\/?page_id=35"},"modified":"2022-05-31T14:40:55","modified_gmt":"2022-05-31T14:40:55","slug":"impressum","status":"publish","type":"page","link":"https:\/\/friede-freude-kindheit.de\/?page_id=35","title":{"rendered":"Impressum"},"content":{"rendered":"\n<p>Webseite Inhalt<\/p>\n\n\n\n<p>Astrid Reutter <\/p>\n\n\n\n<p>Lindenstra\u00dfe 1<\/p>\n\n\n\n<p>50321 Br\u00fchl<\/p>\n\n\n\n<p><strong>AGB<\/strong><\/p>\n\n\n\n<h3 class=\"wp-block-heading\">1. Geltungsbereich, Allgemeines<\/h3>\n\n\n\n<p>F\u00fcr die Teilnahme an allen von Friede, Freude, Kindheit angebotenen Seminaren und Veranstaltungen gelten nach Ma\u00dfgabe des zwischen Astrid Reutter (im Nachfolgenden A. Reutter genannt) und dem Teilnehmer geschlossenen Vertrags die nachfolgenden Allgemeinen Gesch\u00e4ftsbedingungen. Entgegenstehende oder von Bedingungen von A. Reutter abweichende Bedingungen des Teilnehmers erkennt A. Reutter nicht an, es sei denn, A. Reutter h\u00e4tte ausdr\u00fccklich schriftlich ihrer Geltung zugestimmt.<\/p>\n\n\n\n<h3 class=\"wp-block-heading\">2. Vertragsschluss<\/h3>\n\n\n\n<p>2.1. Die schriftliche oder telefonische Anmeldung des Teilnehmers stellt ein bindendes Angebot dar. Anschlie\u00dfend folgt eine schriftliche Anmeldebest\u00e4tigung per E-mail oderWhat\u00b4s app durch A. Reutter. 2.2. Danach wird eine Rechnung von A. Reutter an den Teilnehmer versendet.2.3. Anmeldungen werden grunds\u00e4tzlich in der Reihenfolge ihres Eingangs ber\u00fccksichtigt, eine Haftung aus diesem Grunde ist allerdings ausgeschlossen. Kann eine Anmeldung nicht ber\u00fccksichtigt werden, so wird dies umgehend mitgeteilt.<\/p>\n\n\n\n<h3 class=\"wp-block-heading\">3. Zahlungsbedingungen<\/h3>\n\n\n\n<p>Der Teilnehmer ist verpflichtet, das Teilnahmeentgelt bis 7\u00b7Tage nach Termin oder der Veranstaltung durch \u00dcberweisung auf das in der Rechnung angegebene Konto zu bezahlen.<\/p>\n\n\n\n<h3 class=\"wp-block-heading\">4. Widerrufsrecht Widerrufsbelehrung<\/h3>\n\n\n\n<p>Sie haben das Recht, binnen vierzehn Tagen ohne Angabe von Gr\u00fcnden diesen Vertrag zu widerrufen.Die Widerrufsfrist betr\u00e4gt vierzehn Tage ab dem Tag des Vertragsabschlusses.Um Ihr Widerrufsrecht auszu\u00fcben, m\u00fcssen Sie A. Reutter mittels einer E-Mail an info@friede-freude-kindheit.de \u00fcber Ihren Entschluss, diesen Vertrag zu widerrufen, informieren. Zur Wahrung der Widerrufsfrist reicht es aus, dass Sie die Mitteilung \u00fcber die Aus\u00fcbung des Widerrufsrechts vor Ablauf der Widerrufsfrist absenden.<strong>Folgen des Widerrufs<\/strong>Wenn Sie diesen Vertrag widerrufen, haben wir Ihnen alle Zahlungen, die wir von Ihnen erhalten haben, unverz\u00fcglich und sp\u00e4testens binnen vierzehn Tagen ab dem Tag zur\u00fcckzuzahlen, an dem die Mitteilung \u00fcber Ihren Widerruf dieses Vertrags bei uns eingegangen ist. F\u00fcr diese R\u00fcckzahlung verwenden wir dasselbe Zahlungsmittel, das Sie bei der urspr\u00fcnglichen Transaktion eingesetzt haben, es sei denn, mit Ihnen wurde ausdr\u00fccklich etwas anderes vereinbart; in keinem Fall werden Ihnen wegen dieser R\u00fcckzahlung Entgelte berechnet.Haben Sie verlangt, dass die Dienstleistungen w\u00e4hrend der Widerrufsfrist beginnen sollen, so haben Sie uns einen angemessenen Betrag zu zahlen, der dem Anteil der bis zu dem Zeitpunkt, zu dem Sie uns von der Aus\u00fcbung des Widerrufsrechts hinsichtlich dieses Vertrags unterrichten, bereits erbrachten Dienstleistungen im Vergleich zum Gesamtumfang der im Vertrag vorgesehenen Dienstleistungen entspricht.<strong>Besonderer Hinweis:<\/strong>Bei Vertr\u00e4gen \u00fcber Dienstleistungen erlischt Ihr Widerrufsrecht vorzeitig, wenn der Vertrag von Ihnen und uns auf Ihren ausdr\u00fccklichen Wunsch vollst\u00e4ndig erf\u00fcllt ist, bevor Sie Ihr Widerrufsrecht ausge\u00fcbt haben.Gebuchte Coachings k\u00f6nnen A. Reutter oder dem Teilnehmer vor Ablauf der gebuchten Zeit vorzeitig beendet werden, sollten sich hierf\u00fcr wichtige inhaltliche Gr\u00fcnde ergeben. Dem Kunden werden dann keine Kosten erstattet.<\/p>\n\n\n\n<h3 class=\"wp-block-heading\">5. Stornierung durch Teilnehmer<\/h3>\n\n\n\n<p>5.1. A. Reutter bietet dem Teilnehmer \u2013 ungeachtet der gesetzlich zustehenden R\u00fccktrittsrechte \u2013 nach Ablauf der Frist des unter Ziffer 4 bezeichneten gesetzlichen Widerrufsrechts die M\u00f6glichkeit, vom Vertrag dennoch zur\u00fcckzutreten (Storno).5.2. Die Stornierung ist unter den folgenden Bedingungen m\u00f6glich:Bei Stornierung bis 40\u00b7Tage vor Veranstaltungsbeginn f\u00e4llt keine Stornierungsgeb\u00fchr an. 39 bis 21\u00b7Tage vor Veranstaltungsbeginn fallen 15\u00b7% der Teilnahmegeb\u00fchr an, 20 bis 8\u00b7Tage vor Veranstaltungsbeginn 30\u00b7% der Teilnahmegeb\u00fchr. Bei Stornierung unter 8\u00b7Tage vor Veranstaltungsbeginn berechnet A. Reutter 100\u00b7% der Teilnahmegeb\u00fchr.Bereits geleistete Zahlungen des Teilnehmers werden dabei verrechnet.Grunds\u00e4tzlich ist es Ihnen m\u00f6glich, bei Verhinderung einen Ersatzteilnehmer zu stellen. 5.3. Bei Nichterscheinen zu Seminar- oder Veranstaltungsbeginn wird das volle Teilnahmeentgelt f\u00e4llig, soweit der Teilnehmer nicht nach 5.1. bis 5.2. zur\u00fcckgetreten ist.5.4. Die Stornierung ist nur schriftlich m\u00f6glich.<\/p>\n\n\n\n<h3 class=\"wp-block-heading\">6. R\u00fccktritt vom Vertrag<\/h3>\n\n\n\n<p>6.1. A. Reutter ist berechtigt, aus wichtigem Grund vom Vertrag zur\u00fcckzutreten, ungeachtet sonstiger Gr\u00fcnde, insbesondere, wenn:<\/p>\n\n\n\n<ul class=\"wp-block-list\"><li>f\u00fcr ein Workshop\/ Coaching nicht gen\u00fcgende Anmeldungen vorliegen;<\/li><li>die Veranstaltung aus nicht von A. Reutter zu vertretenden Gr\u00fcnden abgesagt werden muss. Dies ist beispielsweise bei Krankheit\/Unfall des\/der Dozent\/in oder h\u00f6herer Gewalt der Fall.<\/li><\/ul>\n\n\n\n<p>6.2. A. Reutter wird den Teilnehmer \u00fcber den Ausfall des Seminars oder der Veranstaltung unverz\u00fcglich informieren und im Falle eines R\u00fccktritts eine bereits erhaltene Gegenleistung unverz\u00fcglich zur\u00fcckerstatten. Dar\u00fcber hinaus gehende Anspr\u00fcche sind ausgeschlossen.<\/p>\n\n\n\n<h3 class=\"wp-block-heading\">7. Urheberrecht, Nutzungsbedingungen<\/h3>\n\n\n\n<p>7.1. Das Urheberrecht an allen von A. Reutter im Rahmen der Leistung erstellten Unterlagen, Konzepten, Entw\u00fcrfen und sonstigen Materialien verbleibt beiA. Reutter. Material in jeglicher Form, das von A. Reutter im Rahmen einer Leistung erstellt oder dem Teilnehmer im Rahmen der Leistungserbringung zur Verf\u00fcgung gestellt wird, darf \u2013 auch auszugsweise oder in bearbeiteter Form \u2013 nur mit ausdr\u00fccklicher, schriftlicher Zustimmung von A. Reutter vervielf\u00e4ltigt, ver\u00f6ffentlicht oder \u00f6ffentlich zug\u00e4nglich gemacht werden.Es darf insbesondere nicht f\u00fcr andere Seminare oder \u00e4hnliche Leistungen verwendet, \u00fcberarbeitet, umgeschrieben oder in anderer Weise ver\u00e4ndert oder angepasst werden.7.3. Ein Ton- und\/oder Videomitschnitt von Seminaren oder anderen Leistungen von KB ist nur mit schriftlicher Genehmigung von A.Reutter zul\u00e4ssig.<\/p>\n\n\n\n<h3 class=\"wp-block-heading\">8. Datenschutz<\/h3>\n\n\n\n<p>Der Teilnehmer ist \u00fcber Art, Umfang, Ort und Zweck der Erhebung, Verarbeitung und Nutzung der f\u00fcr die Ausf\u00fchrung von Anmeldungen zu Seminaren und zum E-Mail- Benachrichtigungsdienst erforderlichen personenbezogenen Daten durch A. Reutter ausf\u00fchrlich durch diesen Text zum Datenschutz \u00fcber den Inhalt des Datenschutzes informiert.Der Teilnehmer stimmt dieser Erhebung, Verarbeitung und Nutzung seiner personenbezogenen Daten ausdr\u00fccklich zu. Er kann jederzeit mit Wirkung f\u00fcr die Zukunft die Einwilligung widerrufen.A. Reutter stellt Ihre pers\u00f6nlichen Daten nicht Dritten zur Nutzung zur Verf\u00fcgung, sofern dies nicht unbedingt zur Vertragserf\u00fcllung erforderlich ist. Die f\u00fcr die Gesch\u00e4ftsabwicklung notwendigen Daten werden gespeichert.Alle personenbezogenen Daten werden selbstverst\u00e4ndlich vertraulich behandelt.Wenn wir uns entscheiden, unsere Richtlinien \u00fcber den Datenschutz zu \u00e4ndern, werden wir die \u00c4nderungen auf dieser Seite ver\u00f6ffentlichen. So k\u00f6nnen Sie sich jederzeit dar\u00fcber informieren, welche Informationen wir sammeln, wie wir sie sammeln und unter welchen Umst\u00e4nden wir sie verwenden.<\/p>\n\n\n\n<h3 class=\"wp-block-heading\">9. Schriftform<\/h3>\n\n\n\n<p>Nebenabreden, \u00c4nderungen oder Erg\u00e4nzungen zu diesem Vertrag sowie rechtserhebliche Erkl\u00e4rungen und Anzeigen, die der Teilnehmer gegen\u00fcber A. Reutter abzugeben hat, bed\u00fcrfen der Schriftform.<\/p>\n\n\n\n<h3 class=\"wp-block-heading\">10. Erf\u00fcllungsort &#8211; Rechtswahl &#8211; Gerichtsstand<\/h3>\n\n\n\n<p>10.1. Soweit sich aus dem Vertrag nichts anderes ergibt, ist Erf\u00fcllungs- und Zahlungsort der Gesch\u00e4ftssitz von A. Reutter. F\u00fcr diesen Vertrag gilt das Recht der Bundesrepublik Deutschland.Ausschlie\u00dflicher Gerichtsstand ist bei Vertr\u00e4gen mit Kaufleuten, juristischen Personen des \u00f6ffentlichen Rechts oder \u00f6ffentlich-rechtlichen Sonderverm\u00f6gen das f\u00fcr den Gesch\u00e4ftssitz von A. Reutter zust\u00e4ndige Gericht.<\/p>\n\n\n\n<h3 class=\"wp-block-heading\">11. Wirksamkeit der Gesch\u00e4ftsbedingungen<\/h3>\n\n\n\n<p>Sollten einer oder mehrere Punkte dieser Gesch\u00e4ftsbedingungen unwirksam sein oder werden, beeintr\u00e4chtigt dies die Wirksamkeit der verbleibenden Punkte und die Wirksamkeit des Vertrages in seiner Gesamtheit nicht. An die Stelle der unwirksamen Bestimmung soll diejenige Regelung treten, deren Wirkungen der wirtschaftlichen Zielsetzung m\u00f6glichst nahe kommen, die die Vertragsparteien mit der unwirksamen Bestimmung verfolgt haben.&nbsp;<\/p>\n\n\n\n<h2 class=\"wp-block-heading\">Einzelcoaching<\/h2>\n\n\n\n<h3 class=\"wp-block-heading\">A. Zeit und Ort der Sitzungen<\/h3>\n\n\n\n<p>Zeit und Ort der Sitzungen werden zwischen Teilnehmer und A. Reutter individuell vereinbart. Sofern ein Vertragspartner nicht durchf\u00fchren kann, hat er dies dem anderen Vertragspartner sp\u00e4testens 24\u00b7Stunden vor Termin mitzuteilen. Bei einer Absage des Teilnehmers weniger als 24\u00b7Stunden vor Termin oder bei Nichterscheinen hat dieser 75\u00b7% des Honorars f\u00fcr die vereinbarte Dauer des Coachings zu zahlen. Der Nachweis eines geringeren Schadens bleibt dem Teilnehmer vorbehalten. In seltenen F\u00e4llen k\u00f6nnen Coachings von A. Reutter oder dem Teilnehmer vor Ablauf der gebuchten Zeit vorzeitig beendet werden, sollten sich hierf\u00fcr wichtige inhaltliche Gr\u00fcnde ergeben. Dem Kunden werden dann keine Kosten erstattet.<\/p>\n\n\n\n<h3 class=\"wp-block-heading\">B. Honorar und Zahlungsweise<\/h3>\n\n\n\n<p>Das Honorar wird pro Workshop\/Termin oder als Sammelrechnung monatlich in Rechnung gestellt und ist ohne Abzug innerhalb 7 Tagen f\u00e4llig.<\/p>\n\n\n\n<h3 class=\"wp-block-heading\">C. K\u00fcndigung<\/h3>\n\n\n\n<p>Der Vertrag ist von beiden Seiten k\u00fcndbar im Sinne des \u00a7\u00b7627\u00b7BGB. Davon unber\u00fchrt bleibt eine K\u00fcndigung nach \u00a7\u00b7626\u00b7BGB.<\/p>\n\n\n\n<h3 class=\"wp-block-heading\">D. Schweigepflicht<\/h3>\n\n\n\n<p>Der Coach verpflichtet sich, \u00fcber die in den Coaching-Sitzungen und im Vor- und Nachgang zu diesen Sitzungen erlangten Informationen Stillschweigen zu wahren. Dies gilt auch f\u00fcr die Zeit nach der Beendigung dieses Vertrages. Sofern sich der Coach Dritter zur Durchf\u00fchrung oder Abwicklung dieses Vertrages bedient, hat er diese ebenfalls der Schweigepflicht zu unterwerfen.<\/p>\n\n\n\n<h3 class=\"wp-block-heading\">E. Schlussklauseln<\/h3>\n\n\n\n<p>Die personenbezogenen Daten des Teilnehmers, werden zur Rechnungsstellung und zur Buchf\u00fchrung gespeichert soweit dies erforderlich ist. Sollte eine Klausel dieses Vertrages unwirksam sein oder werden, so bleibt der Vertrag im \u00dcbrigen g\u00fcltig.&nbsp;<\/p>\n\n\n\n<p><strong>Header-Bild von <a href=\"https:\/\/pixabay.com\/de\/users\/jarmoluk-143740\/?utm_source=link-attribution&amp;utm_medium=referral&amp;utm_campaign=image&amp;utm_content=2847508\">Michal Jarmoluk<\/a> auf <a href=\"https:\/\/pixabay.com\/de\/?utm_source=link-attribution&amp;utm_medium=referral&amp;utm_campaign=image&amp;utm_content=2847508\">Pixabay<\/a><\/strong><\/p>\n","protected":false},"excerpt":{"rendered":"<p>Webseite Inhalt Astrid Reutter Lindenstra\u00dfe 1 50321 Br\u00fchl AGB 1. Geltungsbereich, Allgemeines F\u00fcr die Teilnahme an allen von Friede, Freude, Kindheit angebotenen Seminaren und Veranstaltungen gelten nach Ma\u00dfgabe des zwischen Astrid Reutter (im Nachfolgenden A. Reutter genannt) und dem Teilnehmer [&hellip;]<\/p>\n","protected":false},"author":1,"featured_media":0,"parent":0,"menu_order":0,"comment_status":"closed","ping_status":"closed","template":"","meta":{"footnotes":""},"class_list":["post-35","page","type-page","status-publish","hentry"],"yoast_head":"<!-- This site is optimized with the Yoast SEO plugin v19.13 - https:\/\/yoast.com\/wordpress\/plugins\/seo\/ -->\n<title>Impressum - Friede, Freude, Kindheit<\/title>\n<meta name=\"robots\" content=\"index, follow, max-snippet:-1, max-image-preview:large, max-video-preview:-1\" \/>\n<link rel=\"canonical\" href=\"https:\/\/friede-freude-kindheit.de\/?page_id=35\" \/>\n<meta property=\"og:locale\" content=\"de_DE\" \/>\n<meta property=\"og:type\" content=\"article\" \/>\n<meta property=\"og:title\" content=\"Impressum - Friede, Freude, Kindheit\" \/>\n<meta property=\"og:description\" content=\"Webseite Inhalt Astrid Reutter Lindenstra\u00dfe 1 50321 Br\u00fchl AGB 1. Geltungsbereich, Allgemeines F\u00fcr die Teilnahme an allen von Friede, Freude, Kindheit angebotenen Seminaren und Veranstaltungen gelten nach Ma\u00dfgabe des zwischen Astrid Reutter (im Nachfolgenden A. Reutter genannt) und dem Teilnehmer [&hellip;]\" \/>\n<meta property=\"og:url\" content=\"https:\/\/friede-freude-kindheit.de\/?page_id=35\" \/>\n<meta property=\"og:site_name\" content=\"Friede, Freude, Kindheit\" \/>\n<meta property=\"article:modified_time\" content=\"2022-05-31T14:40:55+00:00\" \/>\n<meta name=\"twitter:card\" content=\"summary_large_image\" \/>\n<meta name=\"twitter:label1\" content=\"Gesch\u00e4tzte Lesezeit\" \/>\n\t<meta name=\"twitter:data1\" content=\"7\u00a0Minuten\" \/>\n<script type=\"application\/ld+json\" class=\"yoast-schema-graph\">{\"@context\":\"https:\/\/schema.org\",\"@graph\":[{\"@type\":\"WebPage\",\"@id\":\"https:\/\/friede-freude-kindheit.de\/?page_id=35\",\"url\":\"https:\/\/friede-freude-kindheit.de\/?page_id=35\",\"name\":\"Impressum - Friede, Freude, Kindheit\",\"isPartOf\":{\"@id\":\"https:\/\/friede-freude-kindheit.de\/#website\"},\"datePublished\":\"2021-08-08T09:34:34+00:00\",\"dateModified\":\"2022-05-31T14:40:55+00:00\",\"breadcrumb\":{\"@id\":\"https:\/\/friede-freude-kindheit.de\/?page_id=35#breadcrumb\"},\"inLanguage\":\"de\",\"potentialAction\":[{\"@type\":\"ReadAction\",\"target\":[\"https:\/\/friede-freude-kindheit.de\/?page_id=35\"]}]},{\"@type\":\"BreadcrumbList\",\"@id\":\"https:\/\/friede-freude-kindheit.de\/?page_id=35#breadcrumb\",\"itemListElement\":[{\"@type\":\"ListItem\",\"position\":1,\"name\":\"Startseite\",\"item\":\"https:\/\/friede-freude-kindheit.de\/\"},{\"@type\":\"ListItem\",\"position\":2,\"name\":\"Impressum\"}]},{\"@type\":\"WebSite\",\"@id\":\"https:\/\/friede-freude-kindheit.de\/#website\",\"url\":\"https:\/\/friede-freude-kindheit.de\/\",\"name\":\"Friede, Freude, Kindheit\",\"description\":\"Anti-Mobbing-Training mal anders\",\"potentialAction\":[{\"@type\":\"SearchAction\",\"target\":{\"@type\":\"EntryPoint\",\"urlTemplate\":\"https:\/\/friede-freude-kindheit.de\/?s={search_term_string}\"},\"query-input\":\"required name=search_term_string\"}],\"inLanguage\":\"de\"}]}<\/script>\n<!-- \/ Yoast SEO plugin. -->","yoast_head_json":{"title":"Impressum - Friede, Freude, Kindheit","robots":{"index":"index","follow":"follow","max-snippet":"max-snippet:-1","max-image-preview":"max-image-preview:large","max-video-preview":"max-video-preview:-1"},"canonical":"https:\/\/friede-freude-kindheit.de\/?page_id=35","og_locale":"de_DE","og_type":"article","og_title":"Impressum - Friede, Freude, Kindheit","og_description":"Webseite Inhalt Astrid Reutter Lindenstra\u00dfe 1 50321 Br\u00fchl AGB 1. Geltungsbereich, Allgemeines F\u00fcr die Teilnahme an allen von Friede, Freude, Kindheit angebotenen Seminaren und Veranstaltungen gelten nach Ma\u00dfgabe des zwischen Astrid Reutter (im Nachfolgenden A. Reutter genannt) und dem Teilnehmer [&hellip;]","og_url":"https:\/\/friede-freude-kindheit.de\/?page_id=35","og_site_name":"Friede, Freude, Kindheit","article_modified_time":"2022-05-31T14:40:55+00:00","twitter_card":"summary_large_image","twitter_misc":{"Gesch\u00e4tzte Lesezeit":"7\u00a0Minuten"},"schema":{"@context":"https:\/\/schema.org","@graph":[{"@type":"WebPage","@id":"https:\/\/friede-freude-kindheit.de\/?page_id=35","url":"https:\/\/friede-freude-kindheit.de\/?page_id=35","name":"Impressum - Friede, Freude, Kindheit","isPartOf":{"@id":"https:\/\/friede-freude-kindheit.de\/#website"},"datePublished":"2021-08-08T09:34:34+00:00","dateModified":"2022-05-31T14:40:55+00:00","breadcrumb":{"@id":"https:\/\/friede-freude-kindheit.de\/?page_id=35#breadcrumb"},"inLanguage":"de","potentialAction":[{"@type":"ReadAction","target":["https:\/\/friede-freude-kindheit.de\/?page_id=35"]}]},{"@type":"BreadcrumbList","@id":"https:\/\/friede-freude-kindheit.de\/?page_id=35#breadcrumb","itemListElement":[{"@type":"ListItem","position":1,"name":"Startseite","item":"https:\/\/friede-freude-kindheit.de\/"},{"@type":"ListItem","position":2,"name":"Impressum"}]},{"@type":"WebSite","@id":"https:\/\/friede-freude-kindheit.de\/#website","url":"https:\/\/friede-freude-kindheit.de\/","name":"Friede, Freude, Kindheit","description":"Anti-Mobbing-Training mal anders","potentialAction":[{"@type":"SearchAction","target":{"@type":"EntryPoint","urlTemplate":"https:\/\/friede-freude-kindheit.de\/?s={search_term_string}"},"query-input":"required name=search_term_string"}],"inLanguage":"de"}]}},"_links":{"self":[{"href":"https:\/\/friede-freude-kindheit.de\/index.php?rest_route=\/wp\/v2\/pages\/35","targetHints":{"allow":["GET"]}}],"collection":[{"href":"https:\/\/friede-freude-kindheit.de\/index.php?rest_route=\/wp\/v2\/pages"}],"about":[{"href":"https:\/\/friede-freude-kindheit.de\/index.php?rest_route=\/wp\/v2\/types\/page"}],"author":[{"embeddable":true,"href":"https:\/\/friede-freude-kindheit.de\/index.php?rest_route=\/wp\/v2\/users\/1"}],"replies":[{"embeddable":true,"href":"https:\/\/friede-freude-kindheit.de\/index.php?rest_route=%2Fwp%2Fv2%2Fcomments&post=35"}],"version-history":[{"count":4,"href":"https:\/\/friede-freude-kindheit.de\/index.php?rest_route=\/wp\/v2\/pages\/35\/revisions"}],"predecessor-version":[{"id":342,"href":"https:\/\/friede-freude-kindheit.de\/index.php?rest_route=\/wp\/v2\/pages\/35\/revisions\/342"}],"wp:attachment":[{"href":"https:\/\/friede-freude-kindheit.de\/index.php?rest_route=%2Fwp%2Fv2%2Fmedia&parent=35"}],"curies":[{"name":"wp","href":"https:\/\/api.w.org\/{rel}","templated":true}]}}